{"id":264,"date":"2019-03-14T10:41:49","date_gmt":"2019-03-14T09:41:49","guid":{"rendered":"http:\/\/batuvodkazevrope.cz\/?page_id=264"},"modified":"2019-09-12T11:32:13","modified_gmt":"2019-09-12T09:32:13","slug":"doprovodny-program","status":"publish","type":"page","link":"https:\/\/batuvodkazevrope.cz\/index.php\/domu\/doprovodny-program\/","title":{"rendered":"Doprovodn\u00fd program"},"content":{"rendered":"<p><span style=\"font-size: 24pt;\">V\u00fdstavy\u00a0<\/span><\/p>\n<h4><strong>V\u00fdstava \u201eBa\u0165a: N\u00e1\u0161 z\u00e1vod je z\u00e1vodem d\u011bln\u00edk\u016f\u201c<\/strong><\/h4>\n<p>Kongresov\u00e9 centrum<\/p>\n<p><img decoding=\"async\" loading=\"lazy\" class=\" wp-image-965 alignright\" src=\"https:\/\/batuvodkazevrope.cz\/wp-content\/uploads\/2019\/09\/te-300x220.jpg\" alt=\"\" width=\"234\" height=\"171\" srcset=\"https:\/\/batuvodkazevrope.cz\/wp-content\/uploads\/2019\/09\/te-300x220.jpg 300w, https:\/\/batuvodkazevrope.cz\/wp-content\/uploads\/2019\/09\/te-768x563.jpg 768w, https:\/\/batuvodkazevrope.cz\/wp-content\/uploads\/2019\/09\/te-1024x751.jpg 1024w\" sizes=\"(max-width: 234px) 100vw, 234px\" \/><\/p>\n<p>V\u00fdstava je koncipov\u00e1na jako soubor dvaceti panel\u016f velikosti 100 \u00d7 70 cm, osmn\u00e1cti obrazov\u00fdch a dvou textov\u00fdch. Obrazy zaznamen\u00e1vaj\u00ed zl\u00ednsk\u00e9 provozy firmy T. &amp; A. Ba\u0165a a jej\u00ed zam\u011bstnance v roce 1919, doprovodn\u00fdm textem pak popisuj\u00ed \u010dinnosti, p\u0159\u00edpadn\u011b souvislosti v\u00fdroby. Textov\u00e9 panely obsahuj\u00ed prohl\u00e1\u0161en\u00ed zam\u011bstnanc\u016f k v\u00fdro\u010d\u00ed 25 let existence obuvnick\u00e9ho z\u00e1vodu a navazuj\u00edc\u00ed odpov\u011b\u010f Tom\u00e1\u0161e Bati, d\u00e1le popis situace firmy v kontextu doby. Fotografie nebyly dosud nikdy ve\u0159ejn\u011b prezentov\u00e1ny.<\/p>\n<p>V roce 1919 si ba\u0165ov\u0161t\u00ed zam\u011bstnanci p\u0159ipomn\u011bli \u010dtvrt stolet\u00ed od zalo\u017een\u00ed sv\u00e9 firmy. Vedle \u010dl\u00e1nku, kter\u00fd na tituln\u00ed stran\u011b vnitropodnikov\u00e9ho \u010dasopisu Sd\u011blen\u00ed v z\u00e1\u0159\u00ed toho roku otiskli, nechal zhotovit \u201eku 25let\u00e9mu jubileu z\u00e1vodu jeho zakladateli, panu T. Ba\u0165ovi, oddan\u00fd a vd\u011b\u010dn\u00fd person\u00e1l\u201c album 89 sn\u00edmk\u016f jednotliv\u00fdch skupin zam\u011bstnanc\u016f, p\u0159edev\u0161\u00edm zl\u00ednsk\u00fdch tov\u00e1rn\u00edch provoz\u016f a vybran\u00fdch firemn\u00edch prodejen. Alba vznikly celkem dv\u011b.\u00a0 Alba jsou nejstar\u0161\u00ed dochovanou ucelenou fotografickou dokumentac\u00ed firmy Ba\u0165a a sou\u010dasn\u011b mimo\u0159\u00e1dn\u011b cenn\u00fdm vhledem do obuvnick\u00e9ho podniku na prahu n\u00e1rodn\u00ed a zakr\u00e1tko mezin\u00e1rodn\u00ed expanze. Autorem v\u00fdstavy je Ji\u0159\u00ed Madzia.<\/p>\n<p>&nbsp;<\/p>\n<h4><strong>BA\u0164A \u2013 ZL\u00cdN \u2013 \u010cESKOSLOVENSKO \u2013 MASARYKOVA DEMOKRACIE \u2013 BA\u0164OVA PROSPERITA<\/strong><\/h4>\n<p>U13, budova rektor\u00e1tu, 1. nadzemn\u00ed podla\u017e\u00ed<\/p>\n<p><img decoding=\"async\" loading=\"lazy\" class=\"wp-image-275 alignright\" src=\"https:\/\/batuvodkazevrope.cz\/wp-content\/uploads\/2019\/03\/2.-Masarykova-demokracie-Ba\u0165ova-prosperita-300x300.png\" alt=\"\" width=\"234\" height=\"234\" srcset=\"https:\/\/batuvodkazevrope.cz\/wp-content\/uploads\/2019\/03\/2.-Masarykova-demokracie-Ba\u0165ova-prosperita-300x300.png 300w, https:\/\/batuvodkazevrope.cz\/wp-content\/uploads\/2019\/03\/2.-Masarykova-demokracie-Ba\u0165ova-prosperita-150x150.png 150w, https:\/\/batuvodkazevrope.cz\/wp-content\/uploads\/2019\/03\/2.-Masarykova-demokracie-Ba\u0165ova-prosperita-768x769.png 768w, https:\/\/batuvodkazevrope.cz\/wp-content\/uploads\/2019\/03\/2.-Masarykova-demokracie-Ba\u0165ova-prosperita-250x250.png 250w, https:\/\/batuvodkazevrope.cz\/wp-content\/uploads\/2019\/03\/2.-Masarykova-demokracie-Ba\u0165ova-prosperita-174x174.png 174w, https:\/\/batuvodkazevrope.cz\/wp-content\/uploads\/2019\/03\/2.-Masarykova-demokracie-Ba\u0165ova-prosperita.png 930w\" sizes=\"(max-width: 234px) 100vw, 234px\" \/><\/p>\n<p>V minul\u00e9m roce oslavila na\u0161e zem\u011b v\u00fdznamn\u00e9 jubileum, kdy od vzniku prvn\u00ed \u010ceskoslovensk\u00e9 republiky uplynulo 100 let. Politick\u00fdm symbolem demokratick\u00e9ho \u010ceskoslovenska se stal Tom\u00e1\u0161 Garrigue Masaryk. V t\u00e9to nov\u011b vznikl\u00e9 zemi ji\u017e rostl jeden ze siln\u00fdch podnikatelsk\u00fdch p\u0159\u00edb\u011bh\u016f. P\u0159\u00edb\u011bh Tom\u00e1\u0161e Bati \u2013 \u0161vece, kter\u00fd cht\u011bl obout sv\u011bt. Prosperita firmy Ba\u0165a byla d\u016fle\u017eit\u00fdm faktorem budov\u00e1n\u00ed nov\u00e9ho st\u00e1tu. N\u00e1zory a my\u0161lenky Tom\u00e1\u0161e Garrigue Masaryka a Tom\u00e1\u0161e Bati se staly z\u00e1kladem pro rozvoj demokratick\u00e9ho \u010ceskoslovenska. Tom\u00e1\u0161e Garrigue Masaryka pojilo se Zl\u00ednem zvl\u00e1\u0161tn\u00ed pouto a nejen to ba\u0165ovsk\u00e9, ale i p\u0159\u00e1telsk\u00e9 s Tom\u00e1\u0161em Ba\u0165ou. Ji\u017e v roce 1910 mu bylo ud\u011bleno \u010destn\u00e9 ob\u010danstv\u00ed m\u011bsta Zl\u00edn.<\/p>\n<p>Dal\u0161\u00ed n\u00e1v\u0161t\u011bvu do Zl\u00edna podnikl a\u017e v roce 1928, kdy jej ve Zl\u00edn\u011b u\u017e v\u00edt\u00e1 Tom\u00e1\u0161 Ba\u0165a a to nejen jako tov\u00e1rn\u00edk, ale tak\u00e9 jako starosta m\u011bsta. My\u0161lenky obou t\u011bchto velik\u00e1n\u016f se v mnoh\u00e9m naprosto shodovaly. Oba vn\u00edmali velmi siln\u011b vlastn\u00ed odpov\u011bdnost za n\u00e1rod, zemi a budoucnost. Gabriela Kon\u010dit\u00edkov\u00e1 z Nadace Tom\u00e1\u0161e Bati ve spolupr\u00e1ci se Zde\u0148kem Pokludou a Janem Hermanem a s Centrem Ba\u0165a. Univerzity Tom\u00e1\u0161e Bati ve Zl\u00edn\u011b p\u0159ipravili v\u00fdstavu o propojen\u00ed my\u0161len\u00ed obou t\u011bchto v\u00fdznamn\u00fdch osobnost\u00ed a to prost\u0159ednictv\u00edm \u0161estn\u00e1cti panelov\u00e9 v\u00fdstavy.<\/p>\n<p>&nbsp;<\/p>\n<h4><strong>V\u00fdstava osobn\u00edch v\u011bc\u00ed Tom\u00e1\u0161e Bati<\/strong><\/h4>\n<p>U13, budova rektor\u00e1tu, vstupn\u00ed hala<\/p>\n<p>V r\u00e1mci konference m\u00e1te jedine\u010dnou p\u0159\u00edle\u017eitost prohl\u00e9dnout si osobn\u00ed v\u011bci Tom\u00e1\u0161e Bati. Jedn\u00e1 se o unik\u00e1tn\u00ed osobn\u00ed dokumenty, kter\u00e9 Nadaci Tom\u00e1\u0161e Bati v\u011bnovala rodina Ba\u0165a z Toronta. V\u011bci s sebou do exilu odvezla Marie Ba\u0165ov\u00e1 jako vzpom\u00ednku na sv\u00e9ho man\u017eela. Soubor v\u011bc\u00ed pak uchov\u00e1val Tom\u00e1\u0161 Ba\u0165a junior a jeho \u017eena Sonja. Jedn\u00e1 se o cestovn\u00ed pasy, karti\u010dku na vlak, osobn\u00ed dopisy, fotografie, cestovn\u00ed kosmetickou sadu, rodinn\u00e9 p\u0159\u00edbory.<\/p>\n<p>&nbsp;<\/p>\n<h4><strong>Centrum v\u00fdzkumu obouv\u00e1n\u00ed &#8211; Modern\u00ed m\u011b\u0159en\u00ed nohou, anal\u00fdza chodidel, 3D scanner<\/strong><\/h4>\n<p>U13, budova rektor\u00e1tu, vstupn\u00ed hala<\/p>\n<p>Zaj\u00edm\u00e1 v\u00e1s jakou m\u00e1te nohu? Nechte si zanalyzovat chodidla pomoc\u00ed 3D scanneru. V\u00fdsledek v\u00e1m hned napov\u00ed, zda pot\u0159ebujete botu \u00fazkou \u010di \u0161irokou, p\u0159\u00edpadn\u011b si m\u016f\u017eete podle n\u011bj nechat boty vyrobit p\u0159\u00edmo na m\u00edru. Jak se dnes modern\u011b mohou tisknout kopyta na 3D tisk\u00e1rn\u011b, to tak\u00e9 zjist\u00edte u st\u00e1nku nov\u011b vznikl\u00e9ho Centra polymern\u00edch syst\u00e9m\u016f UTB ve Zl\u00edn\u011b. Jak\u00e9 nab\u00edz\u00edme slu\u017eby, co si u n\u00e1s m\u016f\u017eete nechat otestovat a jak\u00e9 nejmodern\u011bj\u0161\u00ed p\u0159\u00edstroje k tomu m\u00e1me? P\u0159ij\u010fte se pod\u00edvat do p\u0159\u00edzem\u00ed budovy rektor\u00e1tu, r\u00e1di v\u00e1m v\u0161e p\u0159edstav\u00edme a vysv\u011btl\u00edme.<img decoding=\"async\" loading=\"lazy\" class=\"size-medium wp-image-1025 alignright\" src=\"https:\/\/batuvodkazevrope.cz\/wp-content\/uploads\/2019\/09\/FRC_logo-300x142.jpg\" alt=\"\" width=\"300\" height=\"142\" srcset=\"https:\/\/batuvodkazevrope.cz\/wp-content\/uploads\/2019\/09\/FRC_logo-300x142.jpg 300w, https:\/\/batuvodkazevrope.cz\/wp-content\/uploads\/2019\/09\/FRC_logo-768x363.jpg 768w, https:\/\/batuvodkazevrope.cz\/wp-content\/uploads\/2019\/09\/FRC_logo-1024x483.jpg 1024w\" sizes=\"(max-width: 300px) 100vw, 300px\" \/><\/p>\n<ul>\n<li>Modern\u00ed m\u011b\u0159en\u00ed nohou, anal\u00fdza chodidel, 3D scanner<\/li>\n<li>3D tisk \u010d\u00e1sti obuvi (kopyto, pode\u0161ev)<\/li>\n<li>Projekt Chytr\u00e1 bota<\/li>\n<li>Prezentace nov\u00e9ho Centra v\u00fdzkumu obouv\u00e1n\u00ed UTB Zl\u00edn<\/li>\n<\/ul>\n<p>&nbsp;<\/p>\n<h4><strong>Kou\u010dovac\u00ed z\u00f3ny <\/strong><\/h4>\n<h3><strong><img decoding=\"async\" loading=\"lazy\" class=\"alignnone size-full wp-image-277 alignright\" src=\"https:\/\/batuvodkazevrope.cz\/wp-content\/uploads\/2019\/03\/ICF-\u010cR-logo-\u0161irok\u00e9.jpg\" alt=\"\" width=\"212\" height=\"150\" \/><\/strong><\/h3>\n<p>U 13, budova rektor\u00e1tu, 5. patro<\/p>\n<p>Kou\u010dov\u00e1n\u00ed umo\u017e\u0148uje bezpe\u010dn\u011b se pohybovat v\u00a0 prostoru, kde v\u00e1m nikdo nerad\u00ed, kde m\u016f\u017eete prozkoum\u00e1vat a objevovat sv\u00e9 vlastn\u00ed my\u0161lenky, posilovat v\u011bdom\u00e9 byt\u00ed, rozv\u00edjet odvahu, sm\u011b\u0159ovat ke konstruktivn\u00edm \u0159e\u0161en\u00edm, rozv\u00edjet svou tvo\u0159ivost, posilovat svou odbornost a profesn\u00ed i lidskou prosperitu. Na konferenci m\u00e1te mo\u017enost si vyzkou\u0161et spolupr\u00e1ci s kou\u010dem. V r\u00e1mci kou\u010dovac\u00edch z\u00f3n v\u00e1m profesion\u00e1ln\u00ed kou\u010dov\u00e9 poskytnou zdarma individu\u00e1ln\u00ed kou\u010dov\u00e1n\u00ed v d\u00e9lce cca 30 minut. Jako partne\u0159i a pr\u016fvodci na cest\u011b va\u0161eho seberozvoje v\u00e1m umo\u017en\u00ed uv\u011bdomit si va\u0161e c\u00edle, hodnoty a zp\u016fsoby pr\u00e1ce.<\/p>\n<ul>\n<li><strong><a href=\"https:\/\/batuvodkazevrope.cz\/wp-content\/uploads\/2019\/08\/Profil-ICF-kouc\u030ce-Son\u030ca-Stan\u030ckova\u0301.pdf\">Profil ICF kouc\u030ce Son\u030ca Stan\u030ckova\u0301<\/a><\/strong>: 11.00\u201311.35 h, 11.40\u201312.15 h, 12.20\u201312.55 h<\/li>\n<li><strong><a href=\"https:\/\/batuvodkazevrope.cz\/wp-content\/uploads\/2019\/08\/Profil-ICF-kouc\u030ce-Blanka-Hudecov\u00e1.pdf\">Profil ICF kouc\u030ce Blanka Hudecov\u00e1<\/a>:<\/strong> 13.15\u201313.50 h, 14.00\u201314.35 h, 14.45\u201315.20 h<\/li>\n<li><strong><a href=\"https:\/\/batuvodkazevrope.cz\/wp-content\/uploads\/2019\/08\/Profil-ICF-kouc\u030ce-Hana-Z\u00e1horovsk\u00e1.pdf\">Profil ICF kouc\u030ce Hana Z\u00e1horovsk\u00e1<\/a>:<\/strong> 14.00\u201314.35 h, 14.45\u201315.30 h, 15.30\u201316.15 h<\/li>\n<\/ul>\n<p><strong><a href=\"https:\/\/batuvodkazevrope.cz\/index.php\/registrace-doprovodny-program-koucovaci-zony\/\">Registrace \u2013 Kou\u010dovac\u00ed z\u00f3ny<\/a><\/strong><\/p>\n<p>&nbsp;<\/p>\n<h4><strong>Virtu\u00e1ln\u00ed realita<\/strong><\/h4>\n<p>U13, budova rektor\u00e1tu, 1. patro<\/p>\n<h3><strong><img decoding=\"async\" loading=\"lazy\" class=\"size-medium wp-image-943 alignright\" src=\"https:\/\/batuvodkazevrope.cz\/wp-content\/uploads\/2019\/09\/logo-300x102.png\" alt=\"\" width=\"300\" height=\"102\" srcset=\"https:\/\/batuvodkazevrope.cz\/wp-content\/uploads\/2019\/09\/logo-300x102.png 300w, https:\/\/batuvodkazevrope.cz\/wp-content\/uploads\/2019\/09\/logo-768x262.png 768w, https:\/\/batuvodkazevrope.cz\/wp-content\/uploads\/2019\/09\/logo-1024x349.png 1024w, https:\/\/batuvodkazevrope.cz\/wp-content\/uploads\/2019\/09\/logo.png 1047w\" sizes=\"(max-width: 300px) 100vw, 300px\" \/><\/strong><\/h3>\n<p>M\u016f\u017eete si vyzkou\u0161et aplikaci pro spolupr\u00e1ci na d\u00e1lku ve virtu\u00e1ln\u00edm prost\u0159ed\u00ed. Na dvou souprav\u00e1ch se vz\u00e1jemn\u011b m\u016f\u017eete potkat ve virtu\u00e1ln\u00ed realit\u011b a m\u016f\u017eete tam spolu tvo\u0159it a komunikovat. Jedn\u00e1 se o unik\u00e1tn\u00ed aplikaci, t\u0159et\u00ed tohoto druhu na sv\u011bt\u011b. Virtual Lab jako prvn\u00ed spole\u010dnost na sv\u011bt\u011b uvedla letos na trh unik\u00e1tn\u00ed aplikaci pro kreativn\u00ed spolupr\u00e1ci na d\u00e1lku ve VR Let\u2019s meet VR (letsmeetvr.com) \u2013 virtu\u00e1ln\u00ed zaseda\u010dku, kter\u00e1 je ur\u010dena pouze pro firemn\u00ed sektor. V t\u00e9to aplikaci m\u016f\u017eete v\u00e9st sv\u00e1 jedn\u00e1n\u00ed, workshopy, \u0161kolen\u00ed \u010di porady odkudkoliv na sv\u011bt\u011b a se sv\u00fdmi kolegy se potkat v jedn\u00e9, virtu\u00e1ln\u00ed zasedac\u00ed m\u00edstnosti. A nav\u00edc zde m\u016f\u017eete tvo\u0159it v prostoru, pracovat s 3D objekty tak, jak v\u00e1m to neumo\u017en\u00ed ani re\u00e1ln\u00e9 setk\u00e1n\u00ed.<\/p>\n<p>&nbsp;<\/p>\n<h3><strong>Ve\u010der ve vile Tom\u00e1\u0161e Bati<\/strong><\/h3>\n<p><img decoding=\"async\" loading=\"lazy\" class=\"size-medium wp-image-953 alignright\" src=\"https:\/\/batuvodkazevrope.cz\/wp-content\/uploads\/2019\/09\/vila-300x190.jpg\" alt=\"\" width=\"300\" height=\"190\" srcset=\"https:\/\/batuvodkazevrope.cz\/wp-content\/uploads\/2019\/09\/vila-300x190.jpg 300w, https:\/\/batuvodkazevrope.cz\/wp-content\/uploads\/2019\/09\/vila.jpg 504w\" sizes=\"(max-width: 300px) 100vw, 300px\" \/>19:00 hodin, Vila Tom\u00e1\u0161e Bati, Gahurova 292, Zl\u00edn<\/p>\n<p>Mo\u017enost parkov\u00e1n\u00ed na vn\u011bj\u0161\u00edm parkovi\u0161ti p\u0159ed zahradou Vily Tom\u00e1\u0161e Bati (omezen\u00e1 kapacita), mo\u017enost vyu\u017e\u00edt parkovi\u0161t\u011b OC \u010cepkov.<\/p>\n<p><strong>Program:<\/strong><br \/>\n19:00 zah\u00e1jen\u00ed spole\u010densk\u00e9ho ve\u010dera s p\u0159\u00edpitkem, p\u0159edstaven\u00ed v\u00fdstavy Jadrana \u0160etl\u00edka<br \/>\n19:20 slavnostn\u00ed p\u0159edstaven\u00ed knihy 99 sladk\u00fdch te\u010dek Marie Ba\u0165ov\u00e9<br \/>\n19:30 raut<br \/>\n20:30 m\u00f3dn\u00ed p\u0159ehl\u00eddka Pin Up &amp; Vintage Studio<br \/>\nhudebn\u00ed doprovod Prague Rhythm King<br \/>\n23:00 ukon\u010den\u00ed<\/p>\n<p>Spole\u010densk\u00fd ve\u010der se odehraje ve vile Tom\u00e1\u0161e Bati, krom\u011b jedine\u010dn\u00fdch autentick\u00fdch prostor s komentovanou prohl\u00eddkou, na v\u00e1s \u010dek\u00e1 tematick\u00fd program. Navozen\u00ed atmosf\u00e9ry t\u0159ic\u00e1t\u00fdch let podtrhne Prague Rhythm Kings a dobov\u00e1 m\u00f3dn\u00ed p\u0159ehl\u00eddka Pin Up &amp; Vintage Studio. V r\u00e1mci programu bude slavnostn\u011b p\u0159edstaven\u00ed v\u00fdstavy Jadrana \u0160etl\u00edka a pok\u0159t\u011bna kniha 99 sladk\u00fdch te\u010dek Marie Ba\u0165ov\u00e9 a t\u011b\u0161it se m\u016f\u017eete i na ochutn\u00e1vku dezert\u016f podle p\u016fvodn\u00ed receptury Marie Ba\u0165ov\u00e9.<\/p>\n<p><strong><img decoding=\"async\" loading=\"lazy\" class=\"alignright\" src=\"http:\/\/www.rhythmkings.cz\/assets\/images\/band\/180624PragueRhythmKings-343U-web.jpg\" alt=\"V\u00c3\u00bdsledek obr\u00c3\u00a1zku pro Prague Rhythm Kings\" width=\"276\" height=\"191\" \/><\/strong><\/p>\n<p><strong>Prague Rhythm Kings<\/strong><\/p>\n<p>Prague Rhythm Kings je profesion\u00e1ln\u00ed orchestr zab\u00fdvaj\u00edc\u00ed se origin\u00e1ln\u00ed interpretac\u00ed jazzov\u00e9 a popul\u00e1rn\u00ed hudby mezi l\u00e9ty 1923 \u2013 1932. Reperto\u00e1r orchestru \u010derp\u00e1 ze zvukov\u00fdch z\u00e1znam\u016f nejp\u0159edn\u011bj\u0161\u00edch americk\u00fdch, ale i \u010desk\u00fdch hudebn\u00edch t\u011bles. D\u00edky pou\u017eit\u00ed historick\u00fdch interpreta\u010dn\u00edch prvk\u016f a hudebn\u00edch n\u00e1stroj\u016f se sna\u017e\u00ed p\u0159ibl\u00ed\u017eit autentick\u00e9mu zvuku jazzov\u00fdch orchestr\u016f 20. let. Noblesa, elegance, ale i nespoutanost t\u011bchto \u201e\u017ehav\u00fdch\u201c let v jedine\u010dn\u00e9 koncertn\u00ed show. Nejen pomoc\u00ed Blues, Charlestonu, Foxtrotu a sladk\u00fdch muzik\u00e1lov\u00fdch melodi\u00ed, ale i d\u00edky dobov\u00fdm \u00fa\u010des\u016fm a kost\u00fdm\u016fm v\u00e1m navod\u00edme tuto jedine\u010dnou atmosf\u00e9ru. Mo\u017enost parkov\u00e1n\u00ed na vn\u011bj\u0161\u00edm parkovi\u0161ti p\u0159ed zahradou Vily Tom\u00e1\u0161e Bati (omezen\u00e1 kapacita), mo\u017enost vyu\u017e\u00edt parkovi\u0161t\u011b OC \u010cepkov.<\/p>\n<p>&nbsp;<\/p>\n<p><strong>Dobov\u00e1 m\u00f3dn\u00ed p\u0159ehl\u00eddka<\/strong><\/p>\n<p><img decoding=\"async\" loading=\"lazy\" class=\"size-medium wp-image-279 alignright\" src=\"https:\/\/batuvodkazevrope.cz\/wp-content\/uploads\/2019\/03\/prehlidka2-300x200.jpg\" alt=\"\" width=\"300\" height=\"200\" srcset=\"https:\/\/batuvodkazevrope.cz\/wp-content\/uploads\/2019\/03\/prehlidka2-300x200.jpg 300w, https:\/\/batuvodkazevrope.cz\/wp-content\/uploads\/2019\/03\/prehlidka2-768x512.jpg 768w, https:\/\/batuvodkazevrope.cz\/wp-content\/uploads\/2019\/03\/prehlidka2-750x500.jpg 750w, https:\/\/batuvodkazevrope.cz\/wp-content\/uploads\/2019\/03\/prehlidka2.jpg 960w\" sizes=\"(max-width: 300px) 100vw, 300px\" \/><\/p>\n<p>Jak\u00e9 kouzlo a \u0161arm m\u011bla m\u00f3da 30. a 40. let? Jak\u00e9 m\u00f3dn\u00ed trendy byly vid\u011bny v ulic\u00edch m\u011bsta, opulentn\u00edch ve\u010d\u00edrc\u00edch \u010di v obchodech Ba\u0165a? P\u0159ijm\u011bte pozv\u00e1n\u00ed na okouzluj\u00edc\u00ed cestu do \u00e9ry prvn\u00ed poloviny minul\u00e9ho stolet\u00ed. Do dob elegance. P\u0159ehl\u00eddkou historick\u00e9 m\u00f3dy v\u00e1s provede Pin Up &amp; Vintage Studio.<\/p>\n<p>&nbsp;<\/p>\n<p>&nbsp;<\/p>\n<p><strong>V\u00fdstava Jadrana \u0160etl\u00edka<\/strong><\/p>\n<p>Jadran \u0160etl\u00edk je um\u011bleck\u00fd fotograf a portr\u00e9tista. Zn\u00e1m\u00e9 jsou jeho portr\u00e9ty v\u00fdznamn\u00fdch osobnost\u00ed, podnikatel\u016f, ale i rodinn\u00e9 a d\u011btsk\u00e9 portr\u00e9ty. Sv\u00fdm osobit\u00fdm pojet\u00edm umocn\u011bn\u00fdm origin\u00e1ln\u00ed ru\u010dn\u00ed technologi\u00ed p\u0159enosu fotografie na pl\u00e1tno vytv\u00e1\u0159\u00ed fotografick\u00e9 obrazy, kter\u00e9 evokuj\u00ed pocit mal\u00ed\u0159sk\u00e9ho pl\u00e1tna malovan\u00e9ho star\u00fdmi mistry a slou\u017e\u00ed jako odkaz budouc\u00edm generac\u00edm.<\/p>\n<p>&nbsp;<\/p>\n<p>&nbsp;<\/p>\n<p>&nbsp;<\/p>\n<p>&nbsp;<\/p>\n","protected":false},"excerpt":{"rendered":"<p>V\u00fdstavy\u00a0 V\u00fdstava \u201eBa\u0165a: N\u00e1\u0161 z\u00e1vod je z\u00e1vodem d\u011bln\u00edk\u016f\u201c Kongresov\u00e9 centrum V\u00fdstava je koncipov\u00e1na jako soubor dvaceti panel\u016f velikosti 100 \u00d7 70 cm, osmn\u00e1cti obrazov\u00fdch a dvou textov\u00fdch. Obrazy zaznamen\u00e1vaj\u00ed zl\u00ednsk\u00e9 provozy firmy T. &amp; A. Ba\u0165a a jej\u00ed zam\u011bstnance v roce 1919, doprovodn\u00fdm textem pak popisuj\u00ed \u010dinnosti, p\u0159\u00edpadn\u011b souvislosti v\u00fdroby. Textov\u00e9 panely obsahuj\u00ed prohl\u00e1\u0161en\u00ed zam\u011bstnanc\u016f <a href=\"https:\/\/batuvodkazevrope.cz\/index.php\/domu\/doprovodny-program\/\" rel=\"nofollow\"><span class=\"sr-only\">P\u0159e\u010d\u00edst si v\u00edc oDoprovodn\u00fd program<\/span>[&hellip;]<\/a><\/p>\n","protected":false},"author":1,"featured_media":0,"parent":14,"menu_order":0,"comment_status":"closed","ping_status":"closed","template":"template-fullwidth.php","meta":{"_exactmetrics_skip_tracking":false,"_exactmetrics_sitenote_active":false,"_exactmetrics_sitenote_note":"","_exactmetrics_sitenote_category":0,"ngg_post_thumbnail":0,"footnotes":""},"_links":{"self":[{"href":"https:\/\/batuvodkazevrope.cz\/index.php\/wp-json\/wp\/v2\/pages\/264"}],"collection":[{"href":"https:\/\/batuvodkazevrope.cz\/index.php\/wp-json\/wp\/v2\/pages"}],"about":[{"href":"https:\/\/batuvodkazevrope.cz\/index.php\/wp-json\/wp\/v2\/types\/page"}],"author":[{"embeddable":true,"href":"https:\/\/batuvodkazevrope.cz\/index.php\/wp-json\/wp\/v2\/users\/1"}],"replies":[{"embeddable":true,"href":"https:\/\/batuvodkazevrope.cz\/index.php\/wp-json\/wp\/v2\/comments?post=264"}],"version-history":[{"count":56,"href":"https:\/\/batuvodkazevrope.cz\/index.php\/wp-json\/wp\/v2\/pages\/264\/revisions"}],"predecessor-version":[{"id":1029,"href":"https:\/\/batuvodkazevrope.cz\/index.php\/wp-json\/wp\/v2\/pages\/264\/revisions\/1029"}],"up":[{"embeddable":true,"href":"https:\/\/batuvodkazevrope.cz\/index.php\/wp-json\/wp\/v2\/pages\/14"}],"wp:attachment":[{"href":"https:\/\/batuvodkazevrope.cz\/index.php\/wp-json\/wp\/v2\/media?parent=264"}],"curies":[{"name":"wp","href":"https:\/\/api.w.org\/{rel}","templated":true}]}}